{"id":3563,"date":"2025-03-04T15:21:04","date_gmt":"2025-03-04T15:21:04","guid":{"rendered":"https:\/\/chantalblanco.cat\/?page_id=3563"},"modified":"2025-03-18T11:22:49","modified_gmt":"2025-03-18T11:22:49","slug":"psicologa-a-mataro","status":"publish","type":"page","link":"https:\/\/chantalblanco.cat\/ca\/psicologa-a-mataro\/","title":{"rendered":"Psic\u00f2loga a Matar\u00f3"},"content":{"rendered":"<p>[et_pb_section fb_built=&#8221;1&#8243; disabled_on=&#8221;on|on|off&#8221; admin_label=&#8221;Chantal Blanco&#8221; _builder_version=&#8221;4.21.0&#8243; _module_preset=&#8221;default&#8221; custom_margin=&#8221;60px||100px||false|false&#8221; global_colors_info=&#8221;{}&#8221;][et_pb_row column_structure=&#8221;1_2,1_2&#8243; _builder_version=&#8221;4.21.0&#8243; _module_preset=&#8221;default&#8221; module_alignment=&#8221;center&#8221; custom_margin=&#8221;||||false|false&#8221; global_colors_info=&#8221;{}&#8221;][et_pb_column type=&#8221;1_2&#8243; _builder_version=&#8221;4.21.0&#8243; _module_preset=&#8221;default&#8221; custom_padding=&#8221;|0px||0px|false|true&#8221; global_colors_info=&#8221;{}&#8221;][et_pb_text _builder_version=&#8221;4.21.0&#8243; _module_preset=&#8221;default&#8221; text_font_size=&#8221;18px&#8221; header_font_size=&#8221;60px&#8221; header_2_font_size=&#8221;60px&#8221; width=&#8221;78%&#8221; custom_margin=&#8221;60px||||false|false&#8221; custom_padding=&#8221;||||false|false&#8221; hover_enabled=&#8221;0&#8243; global_colors_info=&#8221;{}&#8221; sticky_enabled=&#8221;0&#8243;]<\/p>\n<h1 style=\"text-align: left; line-height: 27px;\"><span style=\"font-size: 30pt;\"><strong>Psic\u00f2loga a Matar\u00f3, Chantal Blanco, consulta privada de psicologia<\/strong><\/span><\/h1>\n<p><span style=\"font-weight: 300;\"><br \/>Soc Chantal Blanco, psic\u00f2loga i terapeuta amb m\u00e9s de 25 anys d&#8217;experi\u00e8ncia.<\/span><\/p>\n<p><span style=\"font-weight: 300;\">A la meva consulta de Matar\u00f3 trobar\u00e0s acompanyament en els teus moments dif\u00edcils. com episodis d&#8217;ansietat, estr\u00e8s o depressi\u00f3, conflictes familiars o de parella\u2026 junts trobarem la resposta per a aquestes o altres dificultats emocionals que se&#8217;t presentin.<\/span><\/p>\n<p>[\/et_pb_text][\/et_pb_column][et_pb_column type=&#8221;1_2&#8243; _builder_version=&#8221;4.20.4&#8243; _module_preset=&#8221;default&#8221; global_colors_info=&#8221;{}&#8221;][et_pb_image src=&#8221;https:\/\/chantalblanco.cat\/wp-content\/uploads\/2023\/06\/QUIEN-SOY-oficial-1.jpg&#8221; title_text=&#8221;QUIEN-SOY-oficial-1&#8243; align=&#8221;right&#8221; _builder_version=&#8221;4.21.0&#8243; _module_preset=&#8221;default&#8221; custom_margin=&#8221;-30px||||false|false&#8221; global_colors_info=&#8221;{}&#8221;][\/et_pb_image][\/et_pb_column][\/et_pb_row][\/et_pb_section][et_pb_section fb_built=&#8221;1&#8243; disabled_on=&#8221;on|on|off&#8221; admin_label=&#8221;A lo largo de mi&#8230;&#8221; _builder_version=&#8221;4.21.0&#8243; _module_preset=&#8221;default&#8221; background_color=&#8221;RGBA(255,255,255,0)&#8221; vertical_offset=&#8221;0px&#8221; horizontal_offset=&#8221;0px&#8221; custom_margin=&#8221;||50px||false|false&#8221; custom_padding=&#8221;||||false|false&#8221; global_colors_info=&#8221;{}&#8221;][et_pb_row _builder_version=&#8221;4.21.0&#8243; _module_preset=&#8221;default&#8221; locked=&#8221;off&#8221; global_colors_info=&#8221;{}&#8221;][et_pb_column type=&#8221;4_4&#8243; _builder_version=&#8221;4.21.0&#8243; _module_preset=&#8221;default&#8221; global_colors_info=&#8221;{}&#8221;][et_pb_text _builder_version=&#8221;4.21.0&#8243; _module_preset=&#8221;default&#8221; text_font=&#8221;||||||||&#8221; text_text_color=&#8221;#000000&#8243; text_font_size=&#8221;16px&#8221; text_letter_spacing=&#8221;1px&#8221; text_line_height=&#8221;1.1em&#8221; header_2_font=&#8221;|600||on|||||&#8221; header_2_text_align=&#8221;center&#8221; header_2_font_size=&#8221;20px&#8221; header_2_line_height=&#8221;1.1em&#8221; text_orientation=&#8221;right&#8221; custom_margin=&#8221;|0px||0px|false|false&#8221; hover_enabled=&#8221;0&#8243; custom_css_main_element=&#8221;margin: 0 auto;&#8221; locked=&#8221;off&#8221; global_colors_info=&#8221;{}&#8221; sticky_enabled=&#8221;0&#8243;]<\/p>\n<h2><strong>Per qu\u00e8 fer ter\u00e0pia amb mi?<\/strong><\/h2>\n<p style=\"text-align: left;\"><strong><span style=\"font-weight: 300;\">T&#8217;ofereixo un enfocament proper i personalitzat, on el teu benestar emocional i la teva evoluci\u00f3 seran la prioritat. Podem realitzar les sessions de ter\u00e0pia presencial o en l\u00ednia, segons el que tu necessitis. T&#8217;ajudar\u00e9 a trobar solucions eficaces, clares i concises als teus problemes. <\/span><\/strong><\/p>\n<p>[\/et_pb_text][\/et_pb_column][\/et_pb_row][\/et_pb_section][et_pb_section fb_built=&#8221;1&#8243; disabled_on=&#8221;on|on|off&#8221; admin_label=&#8221;Trabajar con muchas&#8230;&#8221; _builder_version=&#8221;4.21.0&#8243; _module_preset=&#8221;default&#8221; background_color=&#8221;#DCEEEC&#8221; vertical_offset=&#8221;0px&#8221; horizontal_offset=&#8221;0px&#8221; custom_margin=&#8221;0px||0px||false|false&#8221; custom_padding=&#8221;60px||60px||true|false&#8221; global_colors_info=&#8221;{}&#8221;][et_pb_row _builder_version=&#8221;4.21.0&#8243; _module_preset=&#8221;default&#8221; width=&#8221;40%&#8221; module_alignment=&#8221;center&#8221; custom_margin=&#8221;0px||||false|false&#8221; custom_padding=&#8221;||||false|false&#8221; custom_css_main_element=&#8221;display:flex;||flex-direction: column;||||align-items: center;&#8221; global_colors_info=&#8221;{}&#8221;][et_pb_column type=&#8221;4_4&#8243; _builder_version=&#8221;4.21.0&#8243; _module_preset=&#8221;default&#8221; global_colors_info=&#8221;{}&#8221;][et_pb_text _builder_version=&#8221;4.21.0&#8243; _module_preset=&#8221;default&#8221; text_font=&#8221;|600|||||||&#8221; text_font_size=&#8221;19px&#8221; text_orientation=&#8221;center&#8221; custom_margin=&#8221;||||false|false&#8221; custom_padding=&#8221;||||false|true&#8221; global_colors_info=&#8221;{}&#8221;]<\/p>\n<h2><strong>Ter\u00e0pia Breu estrat\u00e8gica<\/strong><\/h2>\n<p><span style=\"font-weight: 300;\">La Ter\u00e0pia Breu Estrat\u00e8gica \u00e9s un enfocament terap\u00e8utic centrat en resoldre problemes emocionals de manera r\u00e0pida i efectiva<\/span><\/p>\n<p><span style=\"font-weight: 300;\">Es basa a identificar els patrons disfuncionals que mantenen el problema en el temps i, mitjan\u00e7ant intervencions estrat\u00e8giques, canviar la forma en qu\u00e8 el pacient percep i manega les seves dificultats. <\/span><\/p>\n<p><span style=\"font-weight: 300;\">La ter\u00e0pia t\u00e9 com a objectiu aconseguir resultats r\u00e0pids i duradors, abordant els s\u00edmptomes sense necessitat d&#8217;una intervenci\u00f3 prolongada.<\/span><\/p>\n<h2><strong>El meu enfocament terap\u00e8utic<\/strong><\/h2>\n<p><span style=\"font-weight: 300;\">En les meves sessions em centro en resolver tu problema. Analitzarem com funciones en el present amb all\u00f2 que et preocupa i trobarem solucions pr\u00e0ctiques i efectives per a superar les teves dificultats.<\/span><\/p>\n<p><span style=\"font-weight: 300;\">El meu objectiu \u00e9s que puguis trobar les eines necess\u00e0ries per a afrontar la teva vida de manera m\u00e9s saludable i positiva.<\/span><\/p>\n<p>[\/et_pb_text][\/et_pb_column][\/et_pb_row][\/et_pb_section][et_pb_section fb_built=&#8221;1&#8243; disabled_on=&#8221;on|on|off&#8221; _builder_version=&#8221;4.21.0&#8243; _module_preset=&#8221;default&#8221; module_alignment=&#8221;center&#8221; custom_margin=&#8221;0px||0px||false|false&#8221; custom_padding=&#8221;||||false|false&#8221; custom_css_main_element=&#8221;text-align:center!important;&#8221; global_colors_info=&#8221;{}&#8221;][et_pb_row disabled_on=&#8221;on|on|off&#8221; _builder_version=&#8221;4.21.0&#8243; _module_preset=&#8221;default&#8221; module_alignment=&#8221;center&#8221; custom_margin=&#8221;160px||0px||false|false&#8221; custom_css_main_element=&#8221;display:flex!important;||flex-direction: column!important;||justify-content: center!important;||align-items: center!important;&#8221; global_colors_info=&#8221;{}&#8221;][et_pb_column type=&#8221;4_4&#8243; _builder_version=&#8221;4.20.4&#8243; _module_preset=&#8221;default&#8221; global_colors_info=&#8221;{}&#8221;][et_pb_text _builder_version=&#8221;4.21.0&#8243; _module_preset=&#8221;default&#8221; text_font=&#8221;|600|||||||&#8221; text_font_size=&#8221;19px&#8221; text_orientation=&#8221;center&#8221; custom_margin=&#8221;-70px||70px||false|false&#8221; custom_padding=&#8221;||||false|true&#8221; custom_css_main_element=&#8221;display:flex;||flex-direction: column;||justify-content: center;||align-items: center;&#8221; global_colors_info=&#8221;{}&#8221;]<\/p>\n<h3 style=\"text-align: left;\"><strong>Serveis que ofereixo:<\/strong><\/h3>\n<ul style=\"text-align: left;\">\n<li style=\"font-weight: 300;\" aria-level=\"1\"><span style=\"font-weight: 300;\">Ter\u00e0pia individual per a adults<\/span><\/li>\n<li style=\"font-weight: 300;\" aria-level=\"1\"><span style=\"font-weight: 300;\">Ter\u00e0pia individual per a nens i adolescents<\/span><\/li>\n<li style=\"font-weight: 300;\" aria-level=\"1\"><span style=\"font-weight: 300;\">Ter\u00e0pia de parella<\/span><\/li>\n<li style=\"font-weight: 300;\" aria-level=\"1\"><span style=\"font-weight: 300;\">Ter\u00e0pia familiar<\/span><\/li>\n<li style=\"font-weight: 300;\" aria-level=\"1\"><span style=\"font-weight: 300;\">Ter\u00e0pia per a persones amb discapacitat intel\u00b7lectual<\/span><\/li>\n<\/ul>\n<h3 style=\"text-align: left;\"><strong>Treballo sovint temes com:<\/strong><\/h3>\n<ul style=\"text-align: left;\">\n<li style=\"font-weight: 300;\" aria-level=\"1\"><span style=\"font-weight: 300;\">Gesti\u00f3 de l&#8217;ansietat, estr\u00e8s i f\u00f2bies<\/span><\/li>\n<li style=\"font-weight: 300;\" aria-level=\"1\"><span style=\"font-weight: 300;\">Suport en processos de dol i depressi\u00f3<\/span><\/li>\n<li style=\"font-weight: 300;\" aria-level=\"1\"><span style=\"font-weight: 300;\">Orientaci\u00f3 en la gesti\u00f3 de conflictes familiars i de parella<\/span><\/li>\n<li style=\"font-weight: 300;\" aria-level=\"1\"><span style=\"font-weight: 300;\">Establiment de l\u00edmits en relacions familiars, laborals i d&#8217;amistat,<\/span><\/li>\n<li style=\"font-weight: 300;\" aria-level=\"1\"><span style=\"font-weight: 300;\">Desenvolupament d&#8217;habilitats emocionals i millora de l&#8217;autoestima<\/span><\/li>\n<\/ul>\n<p style=\"text-align: left;\"><span style=\"font-weight: 300;\">Ter\u00e0pia presencial o en l\u00ednia<\/span><\/p>\n<p style=\"text-align: left;\"><span><\/span><\/p>\n<p>[\/et_pb_text][\/et_pb_column][\/et_pb_row][\/et_pb_section][et_pb_section fb_built=&#8221;1&#8243; disabled_on=&#8221;off|off|on&#8221; _builder_version=&#8221;4.20.4&#8243; _module_preset=&#8221;default&#8221; custom_margin=&#8221;-130px||100px||false|false&#8221; global_colors_info=&#8221;{}&#8221;][et_pb_row column_structure=&#8221;1_2,1_2&#8243; _builder_version=&#8221;4.20.4&#8243; _module_preset=&#8221;default&#8221; width=&#8221;100%&#8221; global_colors_info=&#8221;{}&#8221;][et_pb_column type=&#8221;1_2&#8243; _builder_version=&#8221;4.20.4&#8243; _module_preset=&#8221;default&#8221; global_colors_info=&#8221;{}&#8221;][et_pb_text _builder_version=&#8221;4.21.0&#8243; _module_preset=&#8221;default&#8221; header_font_size=&#8221;60px&#8221; header_2_font_size=&#8221;45px&#8221; text_orientation=&#8221;center&#8221; width=&#8221;100%&#8221; custom_margin=&#8221;60px||-60px||false|false&#8221; custom_padding=&#8221;||||false|false&#8221; hover_enabled=&#8221;0&#8243; global_colors_info=&#8221;{}&#8221; sticky_enabled=&#8221;0&#8243;]<\/p>\n<h1 style=\"text-align: center; line-height: 25px;\"><span style=\"font-size: 20pt;\"><strong>Psic\u00f2loga a Matar\u00f3, Chantal Blanco, consulta privada de psicologia<\/strong><\/span><\/h1>\n<p><span style=\"font-weight: 300;\">Soc Chantal Blanco, psic\u00f2loga i terapeuta amb m\u00e9s de 25 anys d&#8217;experi\u00e8ncia.<\/span><\/p>\n<p><span style=\"font-weight: 300;\">A la meva consulta de Matar\u00f3 trobar\u00e0s acompanyament en els teus moments dif\u00edcils. com episodis d&#8217;ansietat, estr\u00e8s o depressi\u00f3, conflictes familiars o de parella\u2026 junts trobarem la resposta per a aquestes o altres dificultats emocionals que se&#8217;t presentin.<\/span><\/p>\n<p>[\/et_pb_text][et_pb_text _builder_version=&#8221;4.21.0&#8243; _module_preset=&#8221;default&#8221; header_font_size=&#8221;60px&#8221; header_2_font_size=&#8221;60px&#8221; text_orientation=&#8221;center&#8221; width=&#8221;100%&#8221; custom_margin=&#8221;30px||60px||false|true&#8221; custom_padding=&#8221;|20px||20px|false|true&#8221; locked=&#8221;off&#8221; global_colors_info=&#8221;{}&#8221;][\/et_pb_text][et_pb_image src=&#8221;https:\/\/chantalblanco.cat\/wp-content\/uploads\/2023\/06\/QUIEN-SOY-retocada.jpg&#8221; title_text=&#8221;QUIEN SOY retocada&#8221; _builder_version=&#8221;4.21.0&#8243; _module_preset=&#8221;default&#8221; custom_margin=&#8221;-30px||||false|false&#8221; custom_css_main_element=&#8221;max-height:450px;||height:450px;||overflow:hidden !important;||display:grid;||place-items:center;&#8221; global_colors_info=&#8221;{}&#8221;][\/et_pb_image][\/et_pb_column][et_pb_column type=&#8221;1_2&#8243; _builder_version=&#8221;4.20.4&#8243; _module_preset=&#8221;default&#8221; global_colors_info=&#8221;{}&#8221;][\/et_pb_column][\/et_pb_row][\/et_pb_section][et_pb_section fb_built=&#8221;1&#8243; disabled_on=&#8221;off|off|on&#8221; _builder_version=&#8221;4.21.0&#8243; _module_preset=&#8221;default&#8221; background_color=&#8221;RGBA(255,255,255,0)&#8221; vertical_offset=&#8221;0px&#8221; horizontal_offset=&#8221;0px&#8221; custom_margin=&#8221;0px||140px||false|false&#8221; custom_margin_tablet=&#8221;0px||140px||false|false&#8221; custom_margin_phone=&#8221;150px||30px||false|false&#8221; custom_margin_last_edited=&#8221;on|phone&#8221; custom_padding=&#8221;0px||10px||false|false&#8221; global_colors_info=&#8221;{}&#8221;][et_pb_row _builder_version=&#8221;4.20.4&#8243; _module_preset=&#8221;default&#8221; width=&#8221;100%&#8221; custom_margin=&#8221;-160px||||false|false&#8221; locked=&#8221;off&#8221; global_colors_info=&#8221;{}&#8221;][et_pb_column type=&#8221;4_4&#8243; _builder_version=&#8221;4.20.4&#8243; _module_preset=&#8221;default&#8221; global_colors_info=&#8221;{}&#8221;][et_pb_text _builder_version=&#8221;4.21.0&#8243; _module_preset=&#8221;default&#8221; text_font=&#8221;||||||||&#8221; text_text_color=&#8221;#000000&#8243; text_letter_spacing=&#8221;1px&#8221; text_line_height=&#8221;1em&#8221; header_2_font=&#8221;|600||on|||||&#8221; header_2_text_align=&#8221;center&#8221; header_2_font_size=&#8221;20px&#8221; header_2_line_height=&#8221;1.1em&#8221; text_orientation=&#8221;right&#8221; custom_margin=&#8221;70px|0px|-150px|0px|false|false&#8221; custom_margin_tablet=&#8221;70px|0px|-150px|0px|false|false&#8221; custom_margin_phone=&#8221;0px||0px||false|false&#8221; custom_margin_last_edited=&#8221;on|phone&#8221; custom_padding_tablet=&#8221;&#8221; custom_padding_phone=&#8221;|20px||20px|false|true&#8221; custom_padding_last_edited=&#8221;on|phone&#8221; hover_enabled=&#8221;0&#8243; custom_css_main_element=&#8221;margin: 0 auto;&#8221; locked=&#8221;off&#8221; global_colors_info=&#8221;{}&#8221; sticky_enabled=&#8221;0&#8243;]<\/p>\n<h2><strong>Per qu\u00e8 fer ter\u00e0pia amb mi?<\/strong><\/h2>\n<p style=\"text-align: left;\"><strong><span style=\"font-weight: 300;\">T&#8217;ofereixo un enfocament proper i personalitzat, on el teu benestar emocional i la teva evoluci\u00f3 seran la prioritat. Podem realitzar les sessions de ter\u00e0pia presencial o en l\u00ednia, segons el que tu necessitis. T&#8217;ajudar\u00e9 a trobar solucions eficaces, clares i concises als teus problemes. <\/span><\/strong><\/p>\n<p>[\/et_pb_text][\/et_pb_column][\/et_pb_row][\/et_pb_section][et_pb_section fb_built=&#8221;1&#8243; disabled_on=&#8221;off|off|on&#8221; _builder_version=&#8221;4.20.4&#8243; _module_preset=&#8221;default&#8221; background_color=&#8221;#DCEEEC&#8221; vertical_offset=&#8221;0px&#8221; horizontal_offset=&#8221;0px&#8221; custom_margin=&#8221;0px||140px||false|false&#8221; custom_padding=&#8221;0px||10px||false|false&#8221; global_colors_info=&#8221;{}&#8221;][et_pb_row column_structure=&#8221;1_3,1_3,1_3&#8243; _builder_version=&#8221;4.20.4&#8243; _module_preset=&#8221;default&#8221; width=&#8221;100%&#8221; custom_margin=&#8221;0px||-50px||false|false&#8221; custom_padding=&#8221;0px||100px||false|false&#8221; global_colors_info=&#8221;{}&#8221;][et_pb_column type=&#8221;1_3&#8243; _builder_version=&#8221;4.20.4&#8243; _module_preset=&#8221;default&#8221; global_colors_info=&#8221;{}&#8221;][et_pb_text _builder_version=&#8221;4.21.0&#8243; _module_preset=&#8221;default&#8221; text_font=&#8221;|600|||||||&#8221; text_text_color=&#8221;#000000&#8243; header_2_font=&#8221;|800|||||||&#8221; text_orientation=&#8221;center&#8221; width=&#8221;100%&#8221; module_alignment=&#8221;center&#8221; custom_margin=&#8221;0px|0px|0px|0px|false|false&#8221; custom_padding=&#8221;0px|10px|0px|10px|false|false&#8221; global_colors_info=&#8221;{}&#8221;]<\/p>\n<p>&nbsp;<\/p>\n<p>&nbsp;<\/p>\n<h2><strong>Ter\u00e0pia Breu estrat\u00e8gica<\/strong><\/h2>\n<p><span style=\"font-weight: 300;\">La Ter\u00e0pia Breu Estrat\u00e8gica \u00e9s un enfocament terap\u00e8utic centrat en resoldre problemes emocionals de manera r\u00e0pida i efectiva<\/span><\/p>\n<p><span style=\"font-weight: 300;\">Es basa a identificar els patrons disfuncionals que mantenen el problema en el temps i, mitjan\u00e7ant intervencions estrat\u00e8giques, canviar la forma en qu\u00e8 el pacient percep i manega les seves dificultats. <\/span><\/p>\n<p><span style=\"font-weight: 300;\">La ter\u00e0pia t\u00e9 com a objectiu aconseguir resultats r\u00e0pids i duradors, abordant els s\u00edmptomes sense necessitat d&#8217;una intervenci\u00f3 prolongada.<\/span><\/p>\n<h2><strong>El meu enfocament terap\u00e8utic<\/strong><\/h2>\n<p><span style=\"font-weight: 300;\">En les meves sessions em centro en resolver tu problema. Analitzarem com funciones en el present amb all\u00f2 que et preocupa i trobarem solucions pr\u00e0ctiques i efectives per a superar les teves dificultats.<\/span><\/p>\n<p><span style=\"font-weight: 300;\">El meu objectiu \u00e9s que puguis trobar les eines necess\u00e0ries per a afrontar la teva vida de manera m\u00e9s saludable i positiva.<\/span><\/p>\n<p>[\/et_pb_text][\/et_pb_column][et_pb_column type=&#8221;1_3&#8243; _builder_version=&#8221;4.20.4&#8243; _module_preset=&#8221;default&#8221; global_colors_info=&#8221;{}&#8221;][\/et_pb_column][et_pb_column type=&#8221;1_3&#8243; _builder_version=&#8221;4.20.4&#8243; _module_preset=&#8221;default&#8221; global_colors_info=&#8221;{}&#8221;][\/et_pb_column][\/et_pb_row][\/et_pb_section][et_pb_section fb_built=&#8221;1&#8243; disabled_on=&#8221;off|off|on&#8221; _builder_version=&#8221;4.20.4&#8243; _module_preset=&#8221;default&#8221; module_alignment=&#8221;center&#8221; custom_margin=&#8221;0px||0px||false|false&#8221; custom_padding=&#8221;||||false|false&#8221; locked=&#8221;off&#8221; global_colors_info=&#8221;{}&#8221;][et_pb_row disabled_on=&#8221;off|off|on&#8221; _builder_version=&#8221;4.20.4&#8243; _module_preset=&#8221;default&#8221; width=&#8221;100%&#8221; custom_margin=&#8221;-30px||-72px||false|false&#8221; custom_padding=&#8221;|10px||10px|false|true&#8221; global_colors_info=&#8221;{}&#8221;][et_pb_column type=&#8221;4_4&#8243; _builder_version=&#8221;4.20.4&#8243; _module_preset=&#8221;default&#8221; global_colors_info=&#8221;{}&#8221;][et_pb_text disabled_on=&#8221;off|off|off&#8221; _builder_version=&#8221;4.21.0&#8243; _module_preset=&#8221;default&#8221; text_font=&#8221;|600|||||||&#8221; text_orientation=&#8221;center&#8221; custom_margin=&#8221;-70px||70px||false|false&#8221; custom_padding=&#8221;||||false|true&#8221; custom_css_main_element=&#8221;display:flex;||flex-direction: column;||justify-content: center;||align-items: center;&#8221; global_colors_info=&#8221;{}&#8221;]<\/p>\n<h3 style=\"text-align: left;\"><strong>Serveis que ofereixo:<\/strong><\/h3>\n<ul style=\"text-align: left;\">\n<li style=\"font-weight: 300;\" aria-level=\"1\"><span style=\"font-weight: 300;\">Ter\u00e0pia individual per a adults<\/span><\/li>\n<li style=\"font-weight: 300;\" aria-level=\"1\"><span style=\"font-weight: 300;\">Ter\u00e0pia individual per a nens i adolescents<\/span><\/li>\n<li style=\"font-weight: 300;\" aria-level=\"1\"><span style=\"font-weight: 300;\">Ter\u00e0pia de parella<\/span><\/li>\n<li style=\"font-weight: 300;\" aria-level=\"1\"><span style=\"font-weight: 300;\">Ter\u00e0pia familiar<\/span><\/li>\n<li style=\"font-weight: 300;\" aria-level=\"1\"><span style=\"font-weight: 300;\">Ter\u00e0pia per a persones amb discapacitat intel\u00b7lectual<\/span><\/li>\n<\/ul>\n<h3 style=\"text-align: left;\"><strong>Treballo sovint temes com:<\/strong><\/h3>\n<ul style=\"text-align: left;\">\n<li style=\"font-weight: 300;\" aria-level=\"1\"><span style=\"font-weight: 300;\">Gesti\u00f3 de l&#8217;ansietat, estr\u00e8s i f\u00f2bies<\/span><\/li>\n<li style=\"font-weight: 300;\" aria-level=\"1\"><span style=\"font-weight: 300;\">Suport en processos de dol i depressi\u00f3<\/span><\/li>\n<li style=\"font-weight: 300;\" aria-level=\"1\"><span style=\"font-weight: 300;\">Orientaci\u00f3 en la gesti\u00f3 de conflictes familiars i de parella<\/span><\/li>\n<li style=\"font-weight: 300;\" aria-level=\"1\"><span style=\"font-weight: 300;\">Establiment de l\u00edmits en relacions familiars, laborals i d&#8217;amistat,<\/span><\/li>\n<li style=\"font-weight: 300;\" aria-level=\"1\"><span style=\"font-weight: 300;\">Desenvolupament d&#8217;habilitats emocionals i millora de l&#8217;autoestima<\/span><\/li>\n<\/ul>\n<p style=\"text-align: left;\"><span style=\"font-weight: 300;\">Ter\u00e0pia presencial o en l\u00ednia<\/span><\/p>\n<p style=\"text-align: left;\">[\/et_pb_text][\/et_pb_column][\/et_pb_row][\/et_pb_section][et_pb_section fb_built=&#8221;1&#8243; _builder_version=&#8221;4.21.0&#8243; _module_preset=&#8221;default&#8221; background_color=&#8221;#DCEEEC&#8221; custom_padding=&#8221;50px||50px||false|false&#8221; hover_enabled=&#8221;0&#8243; global_colors_info=&#8221;{}&#8221; sticky_enabled=&#8221;0&#8243;][et_pb_row _builder_version=&#8221;4.21.0&#8243; _module_preset=&#8221;default&#8221; global_colors_info=&#8221;{}&#8221;][et_pb_column type=&#8221;4_4&#8243; _builder_version=&#8221;4.21.0&#8243; _module_preset=&#8221;default&#8221; global_colors_info=&#8221;{}&#8221;][et_pb_text _builder_version=&#8221;4.21.0&#8243; _module_preset=&#8221;default&#8221; global_colors_info=&#8221;{}&#8221;]<\/p>\n<h2 style=\"text-align: left;\"><strong>A qui puc ajudar?<\/strong><\/h2>\n<p style=\"text-align: left;\"><span style=\"font-weight: 300;\">Treballo amb adults, adolescents, fam\u00edlies i persones amb discapacitat intel\u00b7lectual, oferint ter\u00e0pia familiar, individual i de parella. Cada intervenci\u00f3 est\u00e0 dissenyada per a tu, d&#8217;acord amb les teves necessitats particulars, de manera que aconsegueixis resultats sostenibles en el menor temps possible. <\/span><\/p>\n<h2 style=\"text-align: left;\"><strong>Cerques una psic\u00f2loga a Matar\u00f3?<\/strong><\/h2>\n<p style=\"text-align: left;\"><span style=\"font-weight: 300;\">La meva consulta es troba en el centre de Matar\u00f3, prop de l&#8217;estaci\u00f3 de Renfe. Pots demanar la teva cita ara, presencial o per videotrucada. <\/span><\/p>\n<p style=\"text-align: left;\">[\/et_pb_text][\/et_pb_column][\/et_pb_row][\/et_pb_section]<\/p>\n","protected":false},"excerpt":{"rendered":"<p>Psic\u00f2loga a Matar\u00f3, Chantal Blanco, consulta privada de psicologia Soc Chantal Blanco, psic\u00f2loga i terapeuta amb m\u00e9s de 25 anys d&#8217;experi\u00e8ncia. A la meva consulta de Matar\u00f3 trobar\u00e0s acompanyament en els teus moments dif\u00edcils. com episodis d&#8217;ansietat, estr\u00e8s o depressi\u00f3, conflictes familiars o de parella\u2026 junts trobarem la resposta per a aquestes o altres dificultats [&hellip;]<\/p>\n","protected":false},"author":4,"featured_media":1455,"parent":0,"menu_order":0,"comment_status":"closed","ping_status":"closed","template":"","meta":{"_et_pb_use_builder":"on","_et_pb_old_content":"","_et_gb_content_width":"","inline_featured_image":false,"footnotes":""},"class_list":["post-3563","page","type-page","status-publish","has-post-thumbnail","hentry"],"yoast_head":"<!-- This site is optimized with the Yoast SEO plugin v27.2 - https:\/\/yoast.com\/product\/yoast-seo-wordpress\/ -->\n<title>Psic\u00f2loga a Matar\u00f3 - Chantal Blanco<\/title>\n<meta name=\"description\" content=\"Como Psic\u00f3loga en Matar\u00f3 te ofrezcoun enfoque personalizado y cercano. Podemos realizar las sesiones de terapia presencial u online.\" \/>\n<meta name=\"robots\" content=\"index, follow, max-snippet:-1, max-image-preview:large, max-video-preview:-1\" \/>\n<link rel=\"canonical\" href=\"https:\/\/chantalblanco.cat\/ca\/psicologa-a-mataro\/\" \/>\n<meta property=\"og:locale\" content=\"ca_ES\" \/>\n<meta property=\"og:type\" content=\"article\" \/>\n<meta property=\"og:title\" content=\"Psic\u00f2loga a Matar\u00f3 - Chantal Blanco\" \/>\n<meta property=\"og:description\" content=\"Como Psic\u00f3loga en Matar\u00f3 te ofrezcoun enfoque personalizado y cercano. Podemos realizar las sesiones de terapia presencial u online.\" \/>\n<meta property=\"og:url\" content=\"https:\/\/chantalblanco.cat\/ca\/psicologa-a-mataro\/\" \/>\n<meta property=\"og:site_name\" content=\"Chantal Blanco\" \/>\n<meta property=\"article:modified_time\" content=\"2025-03-18T11:22:49+00:00\" \/>\n<meta property=\"og:image\" content=\"https:\/\/chantalblanco.cat\/wp-content\/uploads\/2023\/06\/QUIEN-SOY-oficial-1.jpg\" \/>\n\t<meta property=\"og:image:width\" content=\"563\" \/>\n\t<meta property=\"og:image:height\" content=\"600\" \/>\n\t<meta property=\"og:image:type\" content=\"image\/jpeg\" \/>\n<meta name=\"twitter:card\" content=\"summary_large_image\" \/>\n<meta name=\"twitter:label1\" content=\"Temps estimat de lectura\" \/>\n\t<meta name=\"twitter:data1\" content=\"11 minuts\" \/>\n<script type=\"application\/ld+json\" class=\"yoast-schema-graph\">{\"@context\":\"https:\/\/schema.org\",\"@graph\":[{\"@type\":\"WebPage\",\"@id\":\"https:\/\/chantalblanco.cat\/ca\/psicologa-a-mataro\/\",\"url\":\"https:\/\/chantalblanco.cat\/ca\/psicologa-a-mataro\/\",\"name\":\"Psic\u00f2loga a Matar\u00f3 - Chantal Blanco\",\"isPartOf\":{\"@id\":\"https:\/\/chantalblanco.cat\/ca\/#website\"},\"primaryImageOfPage\":{\"@id\":\"https:\/\/chantalblanco.cat\/ca\/psicologa-a-mataro\/#primaryimage\"},\"image\":{\"@id\":\"https:\/\/chantalblanco.cat\/ca\/psicologa-a-mataro\/#primaryimage\"},\"thumbnailUrl\":\"https:\/\/chantalblanco.cat\/wp-content\/uploads\/2023\/06\/QUIEN-SOY-oficial-1.jpg\",\"datePublished\":\"2025-03-04T15:21:04+00:00\",\"dateModified\":\"2025-03-18T11:22:49+00:00\",\"description\":\"Como Psic\u00f3loga en Matar\u00f3 te ofrezcoun enfoque personalizado y cercano. Podemos realizar las sesiones de terapia presencial u online.\",\"breadcrumb\":{\"@id\":\"https:\/\/chantalblanco.cat\/ca\/psicologa-a-mataro\/#breadcrumb\"},\"inLanguage\":\"ca\",\"potentialAction\":[{\"@type\":\"ReadAction\",\"target\":[\"https:\/\/chantalblanco.cat\/ca\/psicologa-a-mataro\/\"]}]},{\"@type\":\"ImageObject\",\"inLanguage\":\"ca\",\"@id\":\"https:\/\/chantalblanco.cat\/ca\/psicologa-a-mataro\/#primaryimage\",\"url\":\"https:\/\/chantalblanco.cat\/wp-content\/uploads\/2023\/06\/QUIEN-SOY-oficial-1.jpg\",\"contentUrl\":\"https:\/\/chantalblanco.cat\/wp-content\/uploads\/2023\/06\/QUIEN-SOY-oficial-1.jpg\",\"width\":563,\"height\":600},{\"@type\":\"BreadcrumbList\",\"@id\":\"https:\/\/chantalblanco.cat\/ca\/psicologa-a-mataro\/#breadcrumb\",\"itemListElement\":[{\"@type\":\"ListItem\",\"position\":1,\"name\":\"Portada\",\"item\":\"https:\/\/chantalblanco.cat\/ca\/\"},{\"@type\":\"ListItem\",\"position\":2,\"name\":\"Psic\u00f2loga a Matar\u00f3\"}]},{\"@type\":\"WebSite\",\"@id\":\"https:\/\/chantalblanco.cat\/ca\/#website\",\"url\":\"https:\/\/chantalblanco.cat\/ca\/\",\"name\":\"Chantal Blanco\",\"description\":\"Terapia Breve Estrat\u00e9gica\",\"potentialAction\":[{\"@type\":\"SearchAction\",\"target\":{\"@type\":\"EntryPoint\",\"urlTemplate\":\"https:\/\/chantalblanco.cat\/ca\/?s={search_term_string}\"},\"query-input\":{\"@type\":\"PropertyValueSpecification\",\"valueRequired\":true,\"valueName\":\"search_term_string\"}}],\"inLanguage\":\"ca\"}]}<\/script>\n<!-- \/ Yoast SEO plugin. -->","yoast_head_json":{"title":"Psic\u00f2loga a Matar\u00f3 - Chantal Blanco","description":"Como Psic\u00f3loga en Matar\u00f3 te ofrezcoun enfoque personalizado y cercano. Podemos realizar las sesiones de terapia presencial u online.","robots":{"index":"index","follow":"follow","max-snippet":"max-snippet:-1","max-image-preview":"max-image-preview:large","max-video-preview":"max-video-preview:-1"},"canonical":"https:\/\/chantalblanco.cat\/ca\/psicologa-a-mataro\/","og_locale":"ca_ES","og_type":"article","og_title":"Psic\u00f2loga a Matar\u00f3 - Chantal Blanco","og_description":"Como Psic\u00f3loga en Matar\u00f3 te ofrezcoun enfoque personalizado y cercano. Podemos realizar las sesiones de terapia presencial u online.","og_url":"https:\/\/chantalblanco.cat\/ca\/psicologa-a-mataro\/","og_site_name":"Chantal Blanco","article_modified_time":"2025-03-18T11:22:49+00:00","og_image":[{"width":563,"height":600,"url":"https:\/\/chantalblanco.cat\/wp-content\/uploads\/2023\/06\/QUIEN-SOY-oficial-1.jpg","type":"image\/jpeg"}],"twitter_card":"summary_large_image","twitter_misc":{"Temps estimat de lectura":"11 minuts"},"schema":{"@context":"https:\/\/schema.org","@graph":[{"@type":"WebPage","@id":"https:\/\/chantalblanco.cat\/ca\/psicologa-a-mataro\/","url":"https:\/\/chantalblanco.cat\/ca\/psicologa-a-mataro\/","name":"Psic\u00f2loga a Matar\u00f3 - Chantal Blanco","isPartOf":{"@id":"https:\/\/chantalblanco.cat\/ca\/#website"},"primaryImageOfPage":{"@id":"https:\/\/chantalblanco.cat\/ca\/psicologa-a-mataro\/#primaryimage"},"image":{"@id":"https:\/\/chantalblanco.cat\/ca\/psicologa-a-mataro\/#primaryimage"},"thumbnailUrl":"https:\/\/chantalblanco.cat\/wp-content\/uploads\/2023\/06\/QUIEN-SOY-oficial-1.jpg","datePublished":"2025-03-04T15:21:04+00:00","dateModified":"2025-03-18T11:22:49+00:00","description":"Como Psic\u00f3loga en Matar\u00f3 te ofrezcoun enfoque personalizado y cercano. Podemos realizar las sesiones de terapia presencial u online.","breadcrumb":{"@id":"https:\/\/chantalblanco.cat\/ca\/psicologa-a-mataro\/#breadcrumb"},"inLanguage":"ca","potentialAction":[{"@type":"ReadAction","target":["https:\/\/chantalblanco.cat\/ca\/psicologa-a-mataro\/"]}]},{"@type":"ImageObject","inLanguage":"ca","@id":"https:\/\/chantalblanco.cat\/ca\/psicologa-a-mataro\/#primaryimage","url":"https:\/\/chantalblanco.cat\/wp-content\/uploads\/2023\/06\/QUIEN-SOY-oficial-1.jpg","contentUrl":"https:\/\/chantalblanco.cat\/wp-content\/uploads\/2023\/06\/QUIEN-SOY-oficial-1.jpg","width":563,"height":600},{"@type":"BreadcrumbList","@id":"https:\/\/chantalblanco.cat\/ca\/psicologa-a-mataro\/#breadcrumb","itemListElement":[{"@type":"ListItem","position":1,"name":"Portada","item":"https:\/\/chantalblanco.cat\/ca\/"},{"@type":"ListItem","position":2,"name":"Psic\u00f2loga a Matar\u00f3"}]},{"@type":"WebSite","@id":"https:\/\/chantalblanco.cat\/ca\/#website","url":"https:\/\/chantalblanco.cat\/ca\/","name":"Chantal Blanco","description":"Terapia Breve Estrat\u00e9gica","potentialAction":[{"@type":"SearchAction","target":{"@type":"EntryPoint","urlTemplate":"https:\/\/chantalblanco.cat\/ca\/?s={search_term_string}"},"query-input":{"@type":"PropertyValueSpecification","valueRequired":true,"valueName":"search_term_string"}}],"inLanguage":"ca"}]}},"_links":{"self":[{"href":"https:\/\/chantalblanco.cat\/ca\/wp-json\/wp\/v2\/pages\/3563","targetHints":{"allow":["GET"]}}],"collection":[{"href":"https:\/\/chantalblanco.cat\/ca\/wp-json\/wp\/v2\/pages"}],"about":[{"href":"https:\/\/chantalblanco.cat\/ca\/wp-json\/wp\/v2\/types\/page"}],"author":[{"embeddable":true,"href":"https:\/\/chantalblanco.cat\/ca\/wp-json\/wp\/v2\/users\/4"}],"replies":[{"embeddable":true,"href":"https:\/\/chantalblanco.cat\/ca\/wp-json\/wp\/v2\/comments?post=3563"}],"version-history":[{"count":20,"href":"https:\/\/chantalblanco.cat\/ca\/wp-json\/wp\/v2\/pages\/3563\/revisions"}],"predecessor-version":[{"id":3646,"href":"https:\/\/chantalblanco.cat\/ca\/wp-json\/wp\/v2\/pages\/3563\/revisions\/3646"}],"wp:featuredmedia":[{"embeddable":true,"href":"https:\/\/chantalblanco.cat\/ca\/wp-json\/wp\/v2\/media\/1455"}],"wp:attachment":[{"href":"https:\/\/chantalblanco.cat\/ca\/wp-json\/wp\/v2\/media?parent=3563"}],"curies":[{"name":"wp","href":"https:\/\/api.w.org\/{rel}","templated":true}]}}