{"id":1900,"date":"2023-04-25T11:41:43","date_gmt":"2023-04-25T11:41:43","guid":{"rendered":"https:\/\/chantalblanco.cat\/infancia\/"},"modified":"2025-03-28T13:11:40","modified_gmt":"2025-03-28T13:11:40","slug":"infancia","status":"publish","type":"page","link":"https:\/\/chantalblanco.cat\/ca\/infancia\/","title":{"rendered":"Psic\u00f2loga per a nens a Matar\u00f3"},"content":{"rendered":"<p>[et_pb_section fb_built=&#8221;1&#8243; disabled_on=&#8221;on|on|off&#8221; _builder_version=&#8221;4.20.4&#8243; _module_preset=&#8221;default&#8221; custom_margin=&#8221;60px||||false|false&#8221; global_colors_info=&#8221;{}&#8221;][et_pb_row column_structure=&#8221;1_2,1_2&#8243; _builder_version=&#8221;4.20.4&#8243; _module_preset=&#8221;default&#8221; width=&#8221;100%&#8221; global_colors_info=&#8221;{}&#8221;][et_pb_column type=&#8221;1_2&#8243; _builder_version=&#8221;4.20.4&#8243; _module_preset=&#8221;default&#8221; global_colors_info=&#8221;{}&#8221;][et_pb_text _builder_version=&#8221;4.21.0&#8243; _module_preset=&#8221;default&#8221; header_2_font_size=&#8221;60px&#8221; width=&#8221;59%&#8221; custom_margin=&#8221;60px|||120px|false|false&#8221; hover_enabled=&#8221;0&#8243; global_colors_info=&#8221;{}&#8221; sticky_enabled=&#8221;0&#8243;]<\/p>\n<p><strong>TER\u00c0PIA PER A NENS<\/strong><\/p>\n<h1 style=\"font-size: 35pt;\"><strong data-start=\"0\" data-end=\"33\" data-is-only-node=\"\">Psic\u00f2loga per a nens a Matar\u00f3<\/strong><\/h1>\n<p>&nbsp;<\/p>\n<p><span><\/span><\/p>\n<p>Quan <strong>treballo amb nens<\/strong>, dono prioritat <strong>a la ter\u00e0pia indirecta<\/strong>, intervenint a trav\u00e9s del treball amb els pares.<\/p>\n<p>Aquests actuen com a <strong>co-terapeutes<\/strong> als quals ofereixo les accions que han de posar en marxa a casa per desbloquejar el problema.<\/p>\n<p><span><\/span><\/p>\n<p><span><\/span><\/p>\n<p><span><\/span><\/p>\n<p><span><\/span><\/p>\n<p>[\/et_pb_text][\/et_pb_column][et_pb_column type=&#8221;1_2&#8243; _builder_version=&#8221;4.20.4&#8243; _module_preset=&#8221;default&#8221; global_colors_info=&#8221;{}&#8221;][et_pb_image src=&#8221;https:\/\/chantalblanco.cat\/wp-content\/uploads\/2023\/06\/TERAPIA-INFANTIL-1.jpg&#8221; title_text=&#8221;TER\u00c0PIA INFANTIL&#8221; _builder_version=&#8221;4.21.0&#8243; _module_preset=&#8221;default&#8221; custom_margin=&#8221;-30px||||false|false&#8221; hover_enabled=&#8221;0&#8243; global_colors_info=&#8221;{}&#8221; alt=&#8221;TER\u00c0PIA PER A NENS  Psic\u00f2loga per a nens a Matar\u00f3&#8221; sticky_enabled=&#8221;0&#8243;][\/et_pb_image][et_pb_image src=&#8221;https:\/\/chantalblanco.cat\/wp-content\/uploads\/2023\/06\/icon-infancia-verd.svg&#8221; title_text=&#8221;icon-infancia-verd&#8221; _builder_version=&#8221;4.20.4&#8243; _module_preset=&#8221;default&#8221; positioning=&#8221;relative&#8221; vertical_offset=&#8221;-95px&#8221; horizontal_offset=&#8221;390px&#8221; custom_margin=&#8221;|0px||0px|false|false&#8221; custom_padding=&#8221;|0px||0px|false|false&#8221; custom_css_main_element=&#8221;width:200px;&#8221; global_colors_info=&#8221;{}&#8221;][\/et_pb_image][\/et_pb_column][\/et_pb_row][\/et_pb_section][et_pb_section fb_built=&#8221;1&#8243; disabled_on=&#8221;off|off|on&#8221; _builder_version=&#8221;4.20.4&#8243; _module_preset=&#8221;default&#8221; custom_margin=&#8221;-140px||||false|false&#8221; global_colors_info=&#8221;{}&#8221;][et_pb_row column_structure=&#8221;1_2,1_2&#8243; _builder_version=&#8221;4.20.4&#8243; _module_preset=&#8221;default&#8221; positioning=&#8221;none&#8221; width=&#8221;100%&#8221; custom_margin=&#8221;70px||-80px||false|false&#8221; global_colors_info=&#8221;{}&#8221;][et_pb_column type=&#8221;1_2&#8243; _builder_version=&#8221;4.20.4&#8243; _module_preset=&#8221;default&#8221; global_colors_info=&#8221;{}&#8221;][et_pb_text _builder_version=&#8221;4.21.0&#8243; _module_preset=&#8221;default&#8221; header_2_font_size=&#8221;60px&#8221; text_orientation=&#8221;center&#8221; width=&#8221;100%&#8221; custom_margin=&#8221;60px||||false|false&#8221; custom_padding=&#8221;|10px||10px|false|true&#8221; hover_enabled=&#8221;0&#8243; global_colors_info=&#8221;{}&#8221; sticky_enabled=&#8221;0&#8243;]<strong>TER\u00c0PIA PER A NENS<\/strong><\/p>\n<h1 style=\"font-size: 25pt;\"><strong data-start=\"0\" data-end=\"33\" data-is-only-node=\"\">Psic\u00f2loga per a nens a Matar\u00f3<\/strong><\/h1>\n<p><span><\/span><\/p>\n<p><span><\/span><\/p>\n<p>Quan <strong>treballo amb nens<\/strong>, dono prioritat <strong>a la ter\u00e0pia indirecta<\/strong>, intervenint a trav\u00e9s del treball amb els pares.<\/p>\n<p>Aquests actuen com a <strong>co-terapeutes<\/strong> als quals ofereixo les accions que han de posar en marxa a casa per desbloquejar el problema.<\/p>\n<p><span><\/span><\/p>\n<p><span><\/span><\/p>\n<p><span><\/span><\/p>\n<p><span><\/span>[\/et_pb_text][\/et_pb_column][et_pb_column type=&#8221;1_2&#8243; _builder_version=&#8221;4.20.4&#8243; _module_preset=&#8221;default&#8221; global_colors_info=&#8221;{}&#8221;][et_pb_image src=&#8221;https:\/\/chantalblanco.cat\/wp-content\/uploads\/2023\/06\/TERAPIA-INFANTIL-1.jpg&#8221; title_text=&#8221;TER\u00c0PIA INFANTIL&#8221; _builder_version=&#8221;4.21.0&#8243; _module_preset=&#8221;default&#8221; custom_margin=&#8221;-30px||||false|false&#8221; custom_margin_tablet=&#8221;-30px||||false|false&#8221; custom_margin_phone=&#8221;-30px||||false|false&#8221; custom_margin_last_edited=&#8221;on|tablet&#8221; hover_enabled=&#8221;0&#8243; global_colors_info=&#8221;{}&#8221; custom_css_main_element_last_edited=&#8221;on|tablet&#8221; custom_css_main_element_tablet=&#8221;display:grid;||place-items:center;||&#8221; custom_css_main_element_phone=&#8221;display:grid;||place-items:center;||&#8221; alt=&#8221;TER\u00c0PIA PER A NENS  Psic\u00f2loga per a nens a Matar\u00f3&#8221; sticky_enabled=&#8221;0&#8243;][\/et_pb_image][et_pb_image src=&#8221;https:\/\/chantalblanco.cat\/wp-content\/uploads\/2023\/08\/famialia.png&#8221; title_text=&#8221;famialia&#8221; align=&#8221;center&#8221; _builder_version=&#8221;4.21.0&#8243; _module_preset=&#8221;default&#8221; vertical_offset=&#8221;-85px&#8221; horizontal_offset=&#8221;110px&#8221; max_width=&#8221;160px&#8221; custom_margin=&#8221;-70px||||false|false&#8221; custom_padding=&#8221;|0px||0px|false|false&#8221; custom_css_main_element=&#8221;width:200px;&#8221; global_colors_info=&#8221;{}&#8221;][\/et_pb_image][\/et_pb_column][\/et_pb_row][\/et_pb_section][et_pb_section fb_built=&#8221;1&#8243; disabled_on=&#8221;on|on|off&#8221; _builder_version=&#8221;4.20.4&#8243; _module_preset=&#8221;default&#8221; global_colors_info=&#8221;{}&#8221;][et_pb_row _builder_version=&#8221;4.20.4&#8243; _module_preset=&#8221;default&#8221; global_colors_info=&#8221;{}&#8221;][et_pb_column type=&#8221;4_4&#8243; _builder_version=&#8221;4.20.4&#8243; _module_preset=&#8221;default&#8221; global_colors_info=&#8221;{}&#8221;][et_pb_text _builder_version=&#8221;4.20.4&#8243; _module_preset=&#8221;default&#8221; text_font=&#8221;|||on|||||&#8221; text_text_color=&#8221;#e4cbca&#8221; text_letter_spacing=&#8221;1px&#8221; header_2_font=&#8221;|600||on|||||&#8221; header_2_text_align=&#8221;center&#8221; header_2_font_size=&#8221;20px&#8221; text_orientation=&#8221;right&#8221; custom_margin=&#8221;-10px|0px|-20px|0px|false|false&#8221; custom_css_main_element=&#8221;margin: 0 auto;&#8221; locked=&#8221;off&#8221; global_colors_info=&#8221;{}&#8221;]<\/p>\n<h2>Quins s\u00f3n els avantatges de la ter\u00e0pia indirecta?<\/h2>\n<p>&nbsp;<\/p>\n<p>&nbsp;<\/p>\n<p>[\/et_pb_text][\/et_pb_column][\/et_pb_row][et_pb_row _builder_version=&#8221;4.20.4&#8243; _module_preset=&#8221;default&#8221; width=&#8221;100%&#8221; custom_margin=&#8221;||0px||false|false&#8221; custom_padding=&#8221;|360px|0px|360px|false|true&#8221; global_colors_info=&#8221;{}&#8221;][et_pb_column type=&#8221;4_4&#8243; _builder_version=&#8221;4.20.4&#8243; _module_preset=&#8221;default&#8221; global_colors_info=&#8221;{}&#8221;][et_pb_text _builder_version=&#8221;4.20.4&#8243; _module_preset=&#8221;default&#8221; text_font=&#8221;|600||on|||||&#8221; text_text_color=&#8221;#FFFFFF&#8221; background_color=&#8221;#80BBB4&#8243; text_orientation=&#8221;center&#8221; custom_padding=&#8221;30px||30px||false|false&#8221; global_colors_info=&#8221;{}&#8221;]<\/p>\n<p><strong>Evitem etiquetar el nen com a posse\u00efdor d&#8217;un problema.<\/strong> Des d&#8217;aquesta<br \/>perspectiva, el <strong>problema<\/strong> mai est\u00e0 en les persones, els fills, els pares, els<br \/>mestres, els iguals, sin\u00f3 <strong>en la interacci\u00f3.<\/strong><\/p>\n<p>[\/et_pb_text][et_pb_text _builder_version=&#8221;4.20.4&#8243; _module_preset=&#8221;default&#8221; text_font=&#8221;|600||on|||||&#8221; text_text_color=&#8221;#FFFFFF&#8221; background_color=&#8221;#80BBB4&#8243; text_orientation=&#8221;center&#8221; custom_margin=&#8221;50px||||false|false&#8221; custom_padding=&#8221;30px|90px|30px|90px|false|false&#8221; global_colors_info=&#8221;{}&#8221;]<\/p>\n<p><span>La intervenci\u00f3 es produeix en un <strong>entorn natural<\/strong>, a casa o a l&#8217;escola.<\/span><\/p>\n<p>[\/et_pb_text][et_pb_text _builder_version=&#8221;4.20.4&#8243; _module_preset=&#8221;default&#8221; text_font=&#8221;|600||on|||||&#8221; text_text_color=&#8221;#FFFFFF&#8221; background_color=&#8221;#80BBB4&#8243; text_orientation=&#8221;center&#8221; custom_margin=&#8221;50px||60px||false|false&#8221; custom_padding=&#8221;30px|90px|30px|90px|false|false&#8221; global_colors_info=&#8221;{}&#8221;]<\/p>\n<p><span>Es redueix el nombre de sessions, els resultats arriben m\u00e9s r\u00e0pidament, <strong>augmentem l&#8217;efici\u00e8ncia.<\/strong><\/span><\/p>\n<p>[\/et_pb_text][\/et_pb_column][\/et_pb_row][\/et_pb_section][et_pb_section fb_built=&#8221;1&#8243; disabled_on=&#8221;off|off|on&#8221; _builder_version=&#8221;4.20.4&#8243; _module_preset=&#8221;default&#8221; custom_margin=&#8221;-60px||||false|false&#8221; global_colors_info=&#8221;{}&#8221;][et_pb_row _builder_version=&#8221;4.20.4&#8243; _module_preset=&#8221;default&#8221; custom_margin=&#8221;70px||-20px||false|false&#8221; global_colors_info=&#8221;{}&#8221;][et_pb_column type=&#8221;4_4&#8243; _builder_version=&#8221;4.20.4&#8243; _module_preset=&#8221;default&#8221; global_colors_info=&#8221;{}&#8221;][et_pb_text _builder_version=&#8221;4.20.4&#8243; _module_preset=&#8221;default&#8221; text_font=&#8221;|||on|||||&#8221; text_text_color=&#8221;#e4cbca&#8221; text_letter_spacing=&#8221;1px&#8221; header_2_font=&#8221;|600||on|||||&#8221; header_2_text_align=&#8221;center&#8221; header_2_font_size=&#8221;20px&#8221; text_orientation=&#8221;right&#8221; width=&#8221;100%&#8221; custom_margin=&#8221;-10px|0px|-20px|0px|false|false&#8221; custom_padding=&#8221;|0px||0px|false|false&#8221; custom_css_main_element=&#8221;margin: 0 auto;&#8221; locked=&#8221;off&#8221; global_colors_info=&#8221;{}&#8221;]<\/p>\n<h2>Quins s\u00f3n els avantatges de la ter\u00e0pia indirecta?<\/h2>\n<p>&nbsp;<\/p>\n<p>&nbsp;<\/p>\n<p>[\/et_pb_text][\/et_pb_column][\/et_pb_row][et_pb_row _builder_version=&#8221;4.20.4&#8243; _module_preset=&#8221;default&#8221; width=&#8221;100%&#8221; custom_margin=&#8221;||0px||false|false&#8221; custom_padding=&#8221;|10px|0px|10px|false|true&#8221; custom_css_main_element=&#8221;||&#8221; global_colors_info=&#8221;{}&#8221;][et_pb_column type=&#8221;4_4&#8243; _builder_version=&#8221;4.20.4&#8243; _module_preset=&#8221;default&#8221; global_colors_info=&#8221;{}&#8221;][et_pb_text _builder_version=&#8221;4.20.4&#8243; _module_preset=&#8221;default&#8221; text_font=&#8221;|600||on|||||&#8221; text_text_color=&#8221;#FFFFFF&#8221; background_color=&#8221;#80BBB4&#8243; text_orientation=&#8221;center&#8221; width=&#8221;100%&#8221; custom_padding=&#8221;30px|10px|30px|10px|false|true&#8221; global_colors_info=&#8221;{}&#8221;]<\/p>\n<p>Evitem etiquetar el nen com a posse\u00efdor d&#8217;un problema. Des d&#8217;aquesta perspectiva, el problema mai est\u00e0 en les persones, els fills, els pares, els mestres, els iguals, sin\u00f3 en la interacci\u00f3<\/p>\n<p>[\/et_pb_text][et_pb_text _builder_version=&#8221;4.20.4&#8243; _module_preset=&#8221;default&#8221; text_font=&#8221;|600||on|||||&#8221; text_text_color=&#8221;#FFFFFF&#8221; background_color=&#8221;#80BBB4&#8243; text_orientation=&#8221;center&#8221; custom_margin=&#8221;50px||||false|false&#8221; custom_padding=&#8221;30px|10px|30px|10px|false|true&#8221; global_colors_info=&#8221;{}&#8221;]<\/p>\n<p><span>La intervenci\u00f3 es produeix en un entorn natural, a casa o a l&#8217;escola.<\/span><\/p>\n<p>[\/et_pb_text][et_pb_text _builder_version=&#8221;4.20.4&#8243; _module_preset=&#8221;default&#8221; text_font=&#8221;|600||on|||||&#8221; text_text_color=&#8221;#FFFFFF&#8221; background_color=&#8221;#80BBB4&#8243; text_orientation=&#8221;center&#8221; custom_margin=&#8221;50px||60px||false|false&#8221; custom_padding=&#8221;30px|10px|30px|10px|false|true&#8221; global_colors_info=&#8221;{}&#8221;]<\/p>\n<p><span>Es redueix el nombre de sessions, els resultats arriben m\u00e9s r\u00e0pidament, augmentem l&#8217;efici\u00e8ncia.<\/span><\/p>\n<p>[\/et_pb_text][\/et_pb_column][\/et_pb_row][\/et_pb_section][et_pb_section fb_built=&#8221;1&#8243; disabled_on=&#8221;on|on|off&#8221; _builder_version=&#8221;4.20.4&#8243; _module_preset=&#8221;default&#8221; custom_margin=&#8221;0px||120px||false|false&#8221; global_colors_info=&#8221;{}&#8221;][et_pb_row _builder_version=&#8221;4.20.4&#8243; _module_preset=&#8221;default&#8221; width=&#8221;100%&#8221; custom_margin=&#8221;0px||||false|false&#8221; global_colors_info=&#8221;{}&#8221;][et_pb_column type=&#8221;4_4&#8243; _builder_version=&#8221;4.20.4&#8243; _module_preset=&#8221;default&#8221; global_colors_info=&#8221;{}&#8221;][et_pb_text _builder_version=&#8221;4.20.4&#8243; _module_preset=&#8221;default&#8221; text_font=&#8221;|600|||||||&#8221; text_text_color=&#8221;#969d9d&#8221; text_orientation=&#8221;center&#8221; custom_margin=&#8221;||||false|false&#8221; custom_padding=&#8221;|0px||0px|false|true&#8221; custom_css_main_element=&#8221;width: 50%!important;||margin: 0 auto!important;&#8221; global_colors_info=&#8221;{}&#8221;]<\/p>\n<p>Com explico en la intervenci\u00f3 familiar, aquesta manera de treballar \u00e9s molt efica\u00e7, ja que<br \/>qualsevol intervenci\u00f3 que faci amb algun membre tindr\u00e0 un impacte en la resta del sistema.<\/p>\n<p>Un cop feta la intervenci\u00f3 amb els pares, <strong>si \u00e9s necessari, intervenim directament amb el nen<\/strong> per treballar algun aspecte en concret que hagi quedat parcialment resolt. Aix\u00f2 passa \u00fanicament en un percentatge molt residual de casos.<\/p>\n<p>Treballar directament amb els adults em permet sovint ser m\u00e9s r\u00e0pida i<br \/>eficient i provocar el canvi que busquem sense fer passar el nen pel proc\u00e9s de ter\u00e0pia.<\/p>\n<p>[\/et_pb_text][\/et_pb_column][\/et_pb_row][\/et_pb_section][et_pb_section fb_built=&#8221;1&#8243; disabled_on=&#8221;off|off|on&#8221; _builder_version=&#8221;4.20.4&#8243; _module_preset=&#8221;default&#8221; custom_margin=&#8221;0px||||false|false&#8221; global_colors_info=&#8221;{}&#8221;][et_pb_row _builder_version=&#8221;4.20.4&#8243; _module_preset=&#8221;default&#8221; width=&#8221;100%&#8221; custom_margin=&#8221;-50px||||false|false&#8221; global_colors_info=&#8221;{}&#8221;][et_pb_column type=&#8221;4_4&#8243; _builder_version=&#8221;4.20.4&#8243; _module_preset=&#8221;default&#8221; global_colors_info=&#8221;{}&#8221;][et_pb_text _builder_version=&#8221;4.20.4&#8243; _module_preset=&#8221;default&#8221; text_font=&#8221;|600|||||||&#8221; text_text_color=&#8221;#969d9d&#8221; text_orientation=&#8221;center&#8221; custom_margin=&#8221;||||false|false&#8221; custom_padding=&#8221;|5px||5px|false|true&#8221; global_colors_info=&#8221;{}&#8221;]<\/p>\n<p>Com explico en la intervenci\u00f3 familiar, aquesta manera de treballar \u00e9s molt efica\u00e7, ja que<br \/>qualsevol intervenci\u00f3 que faci amb algun membre tindr\u00e0 un impacte en la resta del sistema.<\/p>\n<p>Un cop feta la intervenci\u00f3 amb els pares, si \u00e9s necessari, intervenim directament amb el nen per treballar algun aspecte en concret que hagi quedat parcialment resolt. Aix\u00f2 passa \u00fanicament en un percentatge molt residual de casos.<\/p>\n<p>Treballar directament amb els adults em permet sovint ser m\u00e9s r\u00e0pida i<br \/>eficient i provocar el canvi que busquem sense fer passar el nen pel proc\u00e9s de ter\u00e0pia.<\/p>\n<p>[\/et_pb_text][\/et_pb_column][\/et_pb_row][\/et_pb_section][et_pb_section fb_built=&#8221;1&#8243; disabled_on=&#8221;on|on|off&#8221; _builder_version=&#8221;4.20.4&#8243; _module_preset=&#8221;default&#8221; module_alignment=&#8221;center&#8221; custom_margin=&#8221;10px||0px||false|false&#8221; custom_padding=&#8221;||||false|false&#8221; custom_css_main_element=&#8221;text-align:center!important;&#8221; global_colors_info=&#8221;{}&#8221;][et_pb_row _builder_version=&#8221;4.20.4&#8243; _module_preset=&#8221;default&#8221; global_colors_info=&#8221;{}&#8221;][et_pb_column type=&#8221;4_4&#8243; _builder_version=&#8221;4.20.4&#8243; _module_preset=&#8221;default&#8221; global_colors_info=&#8221;{}&#8221;][et_pb_text _builder_version=&#8221;4.20.4&#8243; _module_preset=&#8221;default&#8221; text_font=&#8221;|||on|||||&#8221; text_text_color=&#8221;#e4cbca&#8221; text_letter_spacing=&#8221;1px&#8221; header_2_font=&#8221;|600||on|||||&#8221; header_2_text_align=&#8221;center&#8221; header_2_font_size=&#8221;22px&#8221; text_orientation=&#8221;right&#8221; custom_margin=&#8221;|0px||0px|false|false&#8221; custom_css_main_element=&#8221;margin: 0 auto;&#8221; global_colors_info=&#8221;{}&#8221;]<\/p>\n<h2> Principals problem\u00e0tiques i trastorns tractats<\/h2>\n<p>&nbsp;<\/p>\n<p>[\/et_pb_text][\/et_pb_column][\/et_pb_row][\/et_pb_section][et_pb_section fb_built=&#8221;1&#8243; disabled_on=&#8221;on|on|off&#8221; _builder_version=&#8221;4.20.4&#8243; _module_preset=&#8221;default&#8221; background_color=&#8221;#DCEEEC&#8221; vertical_offset=&#8221;0px&#8221; horizontal_offset=&#8221;0px&#8221; custom_margin=&#8221;0px||140px||false|false&#8221; custom_padding=&#8221;0px||0px||false|false&#8221; locked=&#8221;off&#8221; global_colors_info=&#8221;{}&#8221;][et_pb_row column_structure=&#8221;1_3,1_3,1_3&#8243; _builder_version=&#8221;4.20.4&#8243; _module_preset=&#8221;default&#8221; width=&#8221;100%&#8221; custom_margin=&#8221;0px||-50px||false|false&#8221; custom_padding=&#8221;80px||80px|10px|false|false&#8221; global_colors_info=&#8221;{}&#8221;][et_pb_column type=&#8221;1_3&#8243; _builder_version=&#8221;4.20.4&#8243; _module_preset=&#8221;default&#8221; global_colors_info=&#8221;{}&#8221;][et_pb_text _builder_version=&#8221;4.20.4&#8243; _module_preset=&#8221;default&#8221; text_font=&#8221;|600|||||||&#8221; text_text_color=&#8221;#000000&#8243; header_2_font=&#8221;|800|||||||&#8221; header_3_text_color=&#8221;#80BBB4&#8243; width=&#8221;85%&#8221; module_alignment=&#8221;center&#8221; custom_margin=&#8221;0px|0px|0px|0px|false|false&#8221; custom_padding=&#8221;0px|60px|0px|0px|false|false&#8221; global_colors_info=&#8221;{}&#8221;]<\/p>\n<h3><span style=\"font-weight: 400;\"><b>Ansietat, f\u00f2bies, fobia social, obsessions<\/b><\/span><\/h3>\n<p><span style=\"font-weight: 400;\"><\/span><\/p>\n<p><span style=\"font-weight: 400;\">Tamb\u00e9 podem ensenyar els m\u00e9s petits a gestionar la por. La por fa una resposta f\u00edsica corporal i ens dispara una quantitat de pensaments<br \/>que alimenten i empitjoren els s\u00edmptomes.<\/span><\/p>\n<p>[\/et_pb_text][\/et_pb_column][et_pb_column type=&#8221;1_3&#8243; _builder_version=&#8221;4.20.4&#8243; _module_preset=&#8221;default&#8221; global_colors_info=&#8221;{}&#8221;][et_pb_text _builder_version=&#8221;4.20.4&#8243; _module_preset=&#8221;default&#8221; text_font=&#8221;|600|||||||&#8221; text_text_color=&#8221;#000000&#8243; header_2_font=&#8221;|800|||||||&#8221; header_3_text_color=&#8221;#80BBB4&#8243; width=&#8221;85%&#8221; module_alignment=&#8221;center&#8221; custom_margin=&#8221;0px|0px|0px|0px|false|false&#8221; custom_padding=&#8221;0px|60px|0px|0px|false|false&#8221; global_colors_info=&#8221;{}&#8221;]<\/p>\n<h3><span style=\"font-weight: 400;\"><b>Enuresi, encopresi<\/b><\/span><\/h3>\n<p><span style=\"font-weight: 400;\"><\/span><\/p>\n<p><span style=\"font-weight: 400;\"><\/span><\/p>\n<p><span style=\"font-weight: 400;\">La incontin\u00e8ncia m\u00e9s enll\u00e0 del que s&#8217;espera per edat (prim\u00e0ria) o despr\u00e9s d&#8217;un per\u00edode de control (secund\u00e0ria) es pot tractar i no allargar-ho m\u00e9s del necessari.<\/span><\/p>\n<p>[\/et_pb_text][\/et_pb_column][et_pb_column type=&#8221;1_3&#8243; _builder_version=&#8221;4.20.4&#8243; _module_preset=&#8221;default&#8221; global_colors_info=&#8221;{}&#8221;][et_pb_text _builder_version=&#8221;4.20.4&#8243; _module_preset=&#8221;default&#8221; text_font=&#8221;|600|||||||&#8221; text_text_color=&#8221;#000000&#8243; header_2_font=&#8221;|800|||||||&#8221; header_3_text_color=&#8221;#80BBB4&#8243; width=&#8221;85%&#8221; module_alignment=&#8221;center&#8221; custom_margin=&#8221;0px|0px|0px|0px|false|false&#8221; custom_padding=&#8221;0px|60px|0px|0px|false|false&#8221; global_colors_info=&#8221;{}&#8221;]<\/p>\n<h3><span style=\"font-weight: 400;\"><b>Depressi\u00f3 infantil, dol, autolesions<\/b><\/span><\/h3>\n<p><span style=\"font-weight: 400;\">Els nens manifesten el dolor de manera diferent als adults, con\u00e8ixer els s\u00edmptomes i ajudar-los a saber com gestionar el dolor els ajuda a superar els trastorns associats.<\/span><\/p>\n<p>[\/et_pb_text][\/et_pb_column][\/et_pb_row][et_pb_row column_structure=&#8221;1_2,1_2&#8243; _builder_version=&#8221;4.20.4&#8243; _module_preset=&#8221;default&#8221; width=&#8221;100%&#8221; custom_margin=&#8221;0px||-50px||false|false&#8221; custom_padding=&#8221;80px||80px|10px|false|false&#8221; global_colors_info=&#8221;{}&#8221;][et_pb_column type=&#8221;1_2&#8243; _builder_version=&#8221;4.20.4&#8243; _module_preset=&#8221;default&#8221; global_colors_info=&#8221;{}&#8221;][et_pb_text _builder_version=&#8221;4.21.0&#8243; _module_preset=&#8221;default&#8221; text_font=&#8221;|600|||||||&#8221; text_text_color=&#8221;#000000&#8243; header_2_font=&#8221;|800|||||||&#8221; header_3_text_color=&#8221;#80BBB4&#8243; width=&#8221;85%&#8221; module_alignment=&#8221;center&#8221; custom_margin=&#8221;0px|0px|0px|0px|false|false&#8221; custom_padding=&#8221;0px|60px|0px|0px|false|false&#8221; global_colors_info=&#8221;{}&#8221;]<\/p>\n<h3><span style=\"font-weight: 400;\"><b>Control Control de la r\u00e0bia, problemes de conducta<\/b><\/span><\/h3>\n<p><span style=\"font-weight: 400;\"><b><\/b><\/span><\/p>\n<p><span style=\"font-weight: 400;\"><b><\/b><\/span><\/p>\n<p><span style=\"font-weight: 400;\"><\/span><\/p>\n<p><span style=\"font-weight: 400;\">Ja des dels primers anys els fills manifesten la seva r\u00e0bia i saber com<br \/>ens hem de posicionar de la millor manera <span>els ajuda a saber com gestionar-la adequadament. .<\/span><\/span><\/p>\n<p>[\/et_pb_text][\/et_pb_column][et_pb_column type=&#8221;1_2&#8243; _builder_version=&#8221;4.20.4&#8243; _module_preset=&#8221;default&#8221; global_colors_info=&#8221;{}&#8221;][et_pb_text _builder_version=&#8221;4.20.4&#8243; _module_preset=&#8221;default&#8221; text_font=&#8221;|600|||||||&#8221; text_text_color=&#8221;#000000&#8243; header_2_font=&#8221;|800|||||||&#8221; header_3_text_color=&#8221;#80BBB4&#8243; width=&#8221;85%&#8221; module_alignment=&#8221;center&#8221; custom_margin=&#8221;0px|0px|0px|0px|false|false&#8221; custom_padding=&#8221;0px|60px|0px|0px|false|false&#8221; global_colors_info=&#8221;{}&#8221;]<\/p>\n<h3><span style=\"font-weight: 400;\"><b>Problemes d&#8217;atenci\u00f3, hiperactivitat, h\u00e0bits d&#8217;estudi<\/b><\/span><\/h3>\n<p><span style=\"font-weight: 400;\"><\/span><\/p>\n<p><span style=\"font-weight: 400;\">Hi ha dificultats com aquestes que interfereixen tant en la seva capacitat<br \/>d&#8217;aprenentatge com en el seu comportament a l&#8217;aula. Ajudar-los quan aquestes<br \/>apareixen afavoreix una millor adaptaci\u00f3 i desenvolupament en la seva etapa escolar.<\/span><\/p>\n<p>[\/et_pb_text][\/et_pb_column][\/et_pb_row][\/et_pb_section][et_pb_section fb_built=&#8221;1&#8243; disabled_on=&#8221;off|off|on&#8221; _builder_version=&#8221;4.20.4&#8243; _module_preset=&#8221;default&#8221; module_alignment=&#8221;center&#8221; custom_margin=&#8221;10px||0px||false|false&#8221; custom_padding=&#8221;||||false|false&#8221; custom_css_main_element=&#8221;text-align:center!important;&#8221; global_colors_info=&#8221;{}&#8221;][et_pb_row _builder_version=&#8221;4.20.4&#8243; _module_preset=&#8221;default&#8221; global_colors_info=&#8221;{}&#8221;][et_pb_column type=&#8221;4_4&#8243; _builder_version=&#8221;4.20.4&#8243; _module_preset=&#8221;default&#8221; global_colors_info=&#8221;{}&#8221;][et_pb_text _builder_version=&#8221;4.20.4&#8243; _module_preset=&#8221;default&#8221; text_font=&#8221;|||on|||||&#8221; text_text_color=&#8221;#e4cbca&#8221; text_letter_spacing=&#8221;1px&#8221; header_2_font=&#8221;|600||on|||||&#8221; header_2_text_align=&#8221;center&#8221; header_2_font_size=&#8221;22px&#8221; text_orientation=&#8221;right&#8221; custom_margin=&#8221;-10px|0px|-20px|0px|false|false&#8221; custom_css_main_element=&#8221;margin: 0 auto;&#8221; global_colors_info=&#8221;{}&#8221;]<\/p>\n<h2> Principals problem\u00e0tiques i trastorns tractats<\/h2>\n<p>&nbsp;<\/p>\n<p>&nbsp;<\/p>\n<p>[\/et_pb_text][\/et_pb_column][\/et_pb_row][\/et_pb_section][et_pb_section fb_built=&#8221;1&#8243; disabled_on=&#8221;off|off|on&#8221; _builder_version=&#8221;4.20.4&#8243; _module_preset=&#8221;default&#8221; background_color=&#8221;#DCEEEC&#8221; vertical_offset=&#8221;0px&#8221; horizontal_offset=&#8221;0px&#8221; custom_margin=&#8221;0px||140px||false|false&#8221; custom_padding=&#8221;0px||0px||false|false&#8221; locked=&#8221;off&#8221; global_colors_info=&#8221;{}&#8221;][et_pb_row column_structure=&#8221;1_3,1_3,1_3&#8243; _builder_version=&#8221;4.20.4&#8243; _module_preset=&#8221;default&#8221; width=&#8221;100%&#8221; custom_margin=&#8221;-70px||-50px||false|false&#8221; custom_padding=&#8221;80px||80px|10px|false|false&#8221; global_colors_info=&#8221;{}&#8221;][et_pb_column type=&#8221;1_3&#8243; _builder_version=&#8221;4.20.4&#8243; _module_preset=&#8221;default&#8221; global_colors_info=&#8221;{}&#8221;][et_pb_text _builder_version=&#8221;4.20.4&#8243; _module_preset=&#8221;default&#8221; text_font=&#8221;|600|||||||&#8221; text_text_color=&#8221;#000000&#8243; header_2_font=&#8221;|800|||||||&#8221; header_3_text_color=&#8221;#80BBB4&#8243; text_orientation=&#8221;center&#8221; width=&#8221;100%&#8221; module_alignment=&#8221;center&#8221; custom_margin=&#8221;0px|0px|40px|0px|false|false&#8221; custom_padding=&#8221;0px|10px|0px|10px|false|true&#8221; global_colors_info=&#8221;{}&#8221;]<\/p>\n<h3><span style=\"font-weight: 400;\"><b>Ansietat, f\u00f2bies, fobia social, obsessions<\/b><\/span><\/h3>\n<p><span style=\"font-weight: 400;\"><\/span><\/p>\n<p><span style=\"font-weight: 400;\">Tamb\u00e9 podem ensenyar els m\u00e9s petits a gestionar la por. La por fa una resposta f\u00edsica corporal i ens dispara una quantitat de pensaments<br \/>que alimenten i empitjoren els s\u00edmptomes.<\/span><\/p>\n<p>[\/et_pb_text][\/et_pb_column][et_pb_column type=&#8221;1_3&#8243; _builder_version=&#8221;4.20.4&#8243; _module_preset=&#8221;default&#8221; global_colors_info=&#8221;{}&#8221;][et_pb_text _builder_version=&#8221;4.20.4&#8243; _module_preset=&#8221;default&#8221; text_font=&#8221;|600|||||||&#8221; text_text_color=&#8221;#000000&#8243; header_2_font=&#8221;|800|||||||&#8221; header_3_text_color=&#8221;#80BBB4&#8243; text_orientation=&#8221;center&#8221; width=&#8221;100%&#8221; module_alignment=&#8221;center&#8221; custom_margin=&#8221;0px|0px|40px|0px|false|false&#8221; custom_padding=&#8221;0px|10px|0px|10px|false|true&#8221; global_colors_info=&#8221;{}&#8221;]<\/p>\n<h3><span style=\"font-weight: 400;\"><b>Enuresi i encopresi<\/b><\/span><\/h3>\n<p><span style=\"font-weight: 400;\"><\/span><\/p>\n<p><span style=\"font-weight: 400;\">La incontin\u00e8ncia m\u00e9s enll\u00e0 del que s&#8217;espera per edat (prim\u00e0ria) o despr\u00e9s d&#8217;un per\u00edode de control (secund\u00e0ria) es pot tractar i no allargar-ho m\u00e9s del necessari.<\/span><\/p>\n<p>[\/et_pb_text][\/et_pb_column][et_pb_column type=&#8221;1_3&#8243; _builder_version=&#8221;4.20.4&#8243; _module_preset=&#8221;default&#8221; global_colors_info=&#8221;{}&#8221;][et_pb_text _builder_version=&#8221;4.20.4&#8243; _module_preset=&#8221;default&#8221; text_font=&#8221;|600|||||||&#8221; text_text_color=&#8221;#000000&#8243; header_2_font=&#8221;|800|||||||&#8221; header_3_text_color=&#8221;#80BBB4&#8243; text_orientation=&#8221;center&#8221; width=&#8221;100%&#8221; module_alignment=&#8221;center&#8221; custom_margin=&#8221;0px|0px|40px|0px|false|false&#8221; custom_padding=&#8221;0px|10px|0px|10px|false|true&#8221; global_colors_info=&#8221;{}&#8221;]<\/p>\n<h3><span style=\"font-weight: 400;\"><b>Depressi\u00f3 infantil, dol, autolesions<\/b><\/span><\/h3>\n<p><span style=\"font-weight: 400;\"><\/span><\/p>\n<p><span style=\"font-weight: 400;\">Els nens manifesten el dolor de manera diferent als adults, con\u00e8ixer els s\u00edmptomes i ajudar-los a saber com gestionar el dolor els ajuda a superar els trastorns associats.<\/span><\/p>\n<p>[\/et_pb_text][\/et_pb_column][\/et_pb_row][et_pb_row column_structure=&#8221;1_2,1_2&#8243; _builder_version=&#8221;4.20.4&#8243; _module_preset=&#8221;default&#8221; width=&#8221;100%&#8221; custom_margin=&#8221;-150px||-50px||false|false&#8221; custom_padding=&#8221;80px||80px|10px|false|false&#8221; global_colors_info=&#8221;{}&#8221;][et_pb_column type=&#8221;1_2&#8243; _builder_version=&#8221;4.20.4&#8243; _module_preset=&#8221;default&#8221; global_colors_info=&#8221;{}&#8221;][et_pb_text _builder_version=&#8221;4.21.0&#8243; _module_preset=&#8221;default&#8221; text_font=&#8221;|600|||||||&#8221; text_text_color=&#8221;#000000&#8243; header_2_font=&#8221;|800|||||||&#8221; header_3_text_color=&#8221;#80BBB4&#8243; text_orientation=&#8221;center&#8221; width=&#8221;100%&#8221; module_alignment=&#8221;center&#8221; custom_margin=&#8221;0px|0px|40px|0px|false|false&#8221; custom_padding=&#8221;0px|10px|0px|10px|false|true&#8221; global_colors_info=&#8221;{}&#8221;]<\/p>\n<h3><span style=\"font-weight: 400;\"><b>Control Control de la r\u00e0bia, problemes de conducta<\/b><\/span><\/h3>\n<p><span style=\"font-weight: 400;\"><b><\/b><\/span><\/p>\n<p><span style=\"font-weight: 400;\">Ja des dels primers anys els fills manifesten la seva r\u00e0bia i saber com ens hem de posicionar de la millor manera <span>els ajuda a saber com gestionar-la adequadament.<\/span><\/span><\/p>\n<p>[\/et_pb_text][\/et_pb_column][et_pb_column type=&#8221;1_2&#8243; _builder_version=&#8221;4.20.4&#8243; _module_preset=&#8221;default&#8221; global_colors_info=&#8221;{}&#8221;][et_pb_text _builder_version=&#8221;4.20.4&#8243; _module_preset=&#8221;default&#8221; text_font=&#8221;|600|||||||&#8221; text_text_color=&#8221;#000000&#8243; header_2_font=&#8221;|800|||||||&#8221; header_3_text_color=&#8221;#80BBB4&#8243; text_orientation=&#8221;center&#8221; width=&#8221;100%&#8221; module_alignment=&#8221;center&#8221; custom_margin=&#8221;0px|0px|40px|0px|false|false&#8221; custom_padding=&#8221;0px|10px|0px|10px|false|true&#8221; global_colors_info=&#8221;{}&#8221;]<\/p>\n<h3><span style=\"font-weight: 400;\"><b>Problemes d&#8217;atenci\u00f3, hiperactivitat, h\u00e0bits d&#8217;estudi<\/b><\/span><\/h3>\n<p><span style=\"font-weight: 400;\"><\/span><\/p>\n<p><span style=\"font-weight: 400;\">Hi ha dificultats com aquestes que interfereixen tant en la seva capacitat d&#8217;aprenentatge com en el seu comportament a l&#8217;aula. Ajudar-los quan apareixen afavoreix una millor adaptaci\u00f3 i desenvolupament en la seva etapa escolar.<\/span><\/p>\n<p>[\/et_pb_text][\/et_pb_column][\/et_pb_row][\/et_pb_section][et_pb_section fb_built=&#8221;1&#8243; disabled_on=&#8221;on|on|off&#8221; _builder_version=&#8221;4.20.4&#8243; _module_preset=&#8221;default&#8221; module_alignment=&#8221;center&#8221; custom_margin=&#8221;10px||0px||false|false&#8221; custom_padding=&#8221;||||false|false&#8221; custom_css_main_element=&#8221;text-align:center!important;&#8221; locked=&#8221;off&#8221; global_colors_info=&#8221;{}&#8221;][et_pb_row _builder_version=&#8221;4.20.4&#8243; _module_preset=&#8221;default&#8221; custom_margin=&#8221;110px||0px||false|false&#8221; global_colors_info=&#8221;{}&#8221;][et_pb_column type=&#8221;4_4&#8243; _builder_version=&#8221;4.20.4&#8243; _module_preset=&#8221;default&#8221; global_colors_info=&#8221;{}&#8221;][et_pb_text _builder_version=&#8221;4.20.4&#8243; _module_preset=&#8221;default&#8221; text_font=&#8221;|||on|||||&#8221; text_text_color=&#8221;#e4cbca&#8221; text_letter_spacing=&#8221;1px&#8221; header_2_font=&#8221;|600||on|||||&#8221; header_2_text_align=&#8221;center&#8221; header_2_font_size=&#8221;22px&#8221; header_4_text_align=&#8221;center&#8221; header_4_text_color=&#8221;#80BBB4&#8243; header_4_line_height=&#8221;1.6em&#8221; text_orientation=&#8221;right&#8221; custom_margin=&#8221;|0px|0px|0px|false|false&#8221; custom_css_main_element=&#8221;margin: 0 auto;&#8221; global_colors_info=&#8221;{}&#8221;]<\/p>\n<h4>Aquestes s\u00f3n nom\u00e9s algunes de les problem\u00e0tiques que m\u00e9s abordo en consulta. Si no trobes<br \/>aqu\u00ed la problem\u00e0tica espec\u00edfica que est\u00e0s enfrontant, no et preocupis, treballo altres que no<br \/>per no estar aqu\u00ed s\u00f3n menys comunes. Escriu-me i en parlem. Cada persona i situaci\u00f3<br \/>s\u00f3n \u00faniques i podem analitzar-ho conjuntament.<\/h4>\n<p>[\/et_pb_text][\/et_pb_column][\/et_pb_row][\/et_pb_section]<\/p>\n","protected":false},"excerpt":{"rendered":"<p>TER\u00c0PIA PER A NENS Psic\u00f2loga per a nens a Matar\u00f3 &nbsp; Quan treballo amb nens, dono prioritat a la ter\u00e0pia indirecta, intervenint a trav\u00e9s del treball amb els pares. Aquests actuen com a co-terapeutes als quals ofereixo les accions que han de posar en marxa a casa per desbloquejar el problema. TER\u00c0PIA PER A NENS [&hellip;]<\/p>\n","protected":false},"author":1,"featured_media":0,"parent":0,"menu_order":0,"comment_status":"closed","ping_status":"closed","template":"","meta":{"_et_pb_use_builder":"on","_et_pb_old_content":"","_et_gb_content_width":"","inline_featured_image":false,"footnotes":""},"class_list":["post-1900","page","type-page","status-publish","hentry"],"yoast_head":"<!-- This site is optimized with the Yoast SEO plugin v27.2 - https:\/\/yoast.com\/product\/yoast-seo-wordpress\/ -->\n<title>Psic\u00f2loga per a nens a Matar\u00f3 - Chantal Blanco<\/title>\n<meta name=\"description\" content=\"Acompanyo les fam\u00edlies en el benestar emocional dels seus fills amb un enfocament proper i efectiu. Contacta&#039;m per a m\u00e9s informaci\u00f3!\" \/>\n<meta name=\"robots\" content=\"index, follow, max-snippet:-1, max-image-preview:large, max-video-preview:-1\" \/>\n<link rel=\"canonical\" href=\"https:\/\/chantalblanco.cat\/ca\/infancia\/\" \/>\n<meta property=\"og:locale\" content=\"ca_ES\" \/>\n<meta property=\"og:type\" content=\"article\" \/>\n<meta property=\"og:title\" content=\"Psic\u00f2loga per a nens a Matar\u00f3 - Chantal Blanco\" \/>\n<meta property=\"og:description\" content=\"Acompanyo les fam\u00edlies en el benestar emocional dels seus fills amb un enfocament proper i efectiu. Contacta&#039;m per a m\u00e9s informaci\u00f3!\" \/>\n<meta property=\"og:url\" content=\"https:\/\/chantalblanco.cat\/ca\/infancia\/\" \/>\n<meta property=\"og:site_name\" content=\"Chantal Blanco\" \/>\n<meta property=\"article:modified_time\" content=\"2025-03-28T13:11:40+00:00\" \/>\n<meta name=\"twitter:card\" content=\"summary_large_image\" \/>\n<meta name=\"twitter:label1\" content=\"Temps estimat de lectura\" \/>\n\t<meta name=\"twitter:data1\" content=\"5 minuts\" \/>\n<script type=\"application\/ld+json\" class=\"yoast-schema-graph\">{\"@context\":\"https:\/\/schema.org\",\"@graph\":[{\"@type\":\"WebPage\",\"@id\":\"https:\/\/chantalblanco.cat\/ca\/infancia\/\",\"url\":\"https:\/\/chantalblanco.cat\/ca\/infancia\/\",\"name\":\"Psic\u00f2loga per a nens a Matar\u00f3 - Chantal Blanco\",\"isPartOf\":{\"@id\":\"https:\/\/chantalblanco.cat\/ca\/#website\"},\"datePublished\":\"2023-04-25T11:41:43+00:00\",\"dateModified\":\"2025-03-28T13:11:40+00:00\",\"description\":\"Acompanyo les fam\u00edlies en el benestar emocional dels seus fills amb un enfocament proper i efectiu. Contacta'm per a m\u00e9s informaci\u00f3!\",\"breadcrumb\":{\"@id\":\"https:\/\/chantalblanco.cat\/ca\/infancia\/#breadcrumb\"},\"inLanguage\":\"ca\",\"potentialAction\":[{\"@type\":\"ReadAction\",\"target\":[\"https:\/\/chantalblanco.cat\/ca\/infancia\/\"]}]},{\"@type\":\"BreadcrumbList\",\"@id\":\"https:\/\/chantalblanco.cat\/ca\/infancia\/#breadcrumb\",\"itemListElement\":[{\"@type\":\"ListItem\",\"position\":1,\"name\":\"Portada\",\"item\":\"https:\/\/chantalblanco.cat\/ca\/\"},{\"@type\":\"ListItem\",\"position\":2,\"name\":\"Psic\u00f2loga per a nens a Matar\u00f3\"}]},{\"@type\":\"WebSite\",\"@id\":\"https:\/\/chantalblanco.cat\/ca\/#website\",\"url\":\"https:\/\/chantalblanco.cat\/ca\/\",\"name\":\"Chantal Blanco\",\"description\":\"Terapia Breve Estrat\u00e9gica\",\"potentialAction\":[{\"@type\":\"SearchAction\",\"target\":{\"@type\":\"EntryPoint\",\"urlTemplate\":\"https:\/\/chantalblanco.cat\/ca\/?s={search_term_string}\"},\"query-input\":{\"@type\":\"PropertyValueSpecification\",\"valueRequired\":true,\"valueName\":\"search_term_string\"}}],\"inLanguage\":\"ca\"}]}<\/script>\n<!-- \/ Yoast SEO plugin. -->","yoast_head_json":{"title":"Psic\u00f2loga per a nens a Matar\u00f3 - Chantal Blanco","description":"Acompanyo les fam\u00edlies en el benestar emocional dels seus fills amb un enfocament proper i efectiu. Contacta'm per a m\u00e9s informaci\u00f3!","robots":{"index":"index","follow":"follow","max-snippet":"max-snippet:-1","max-image-preview":"max-image-preview:large","max-video-preview":"max-video-preview:-1"},"canonical":"https:\/\/chantalblanco.cat\/ca\/infancia\/","og_locale":"ca_ES","og_type":"article","og_title":"Psic\u00f2loga per a nens a Matar\u00f3 - Chantal Blanco","og_description":"Acompanyo les fam\u00edlies en el benestar emocional dels seus fills amb un enfocament proper i efectiu. Contacta'm per a m\u00e9s informaci\u00f3!","og_url":"https:\/\/chantalblanco.cat\/ca\/infancia\/","og_site_name":"Chantal Blanco","article_modified_time":"2025-03-28T13:11:40+00:00","twitter_card":"summary_large_image","twitter_misc":{"Temps estimat de lectura":"5 minuts"},"schema":{"@context":"https:\/\/schema.org","@graph":[{"@type":"WebPage","@id":"https:\/\/chantalblanco.cat\/ca\/infancia\/","url":"https:\/\/chantalblanco.cat\/ca\/infancia\/","name":"Psic\u00f2loga per a nens a Matar\u00f3 - Chantal Blanco","isPartOf":{"@id":"https:\/\/chantalblanco.cat\/ca\/#website"},"datePublished":"2023-04-25T11:41:43+00:00","dateModified":"2025-03-28T13:11:40+00:00","description":"Acompanyo les fam\u00edlies en el benestar emocional dels seus fills amb un enfocament proper i efectiu. Contacta'm per a m\u00e9s informaci\u00f3!","breadcrumb":{"@id":"https:\/\/chantalblanco.cat\/ca\/infancia\/#breadcrumb"},"inLanguage":"ca","potentialAction":[{"@type":"ReadAction","target":["https:\/\/chantalblanco.cat\/ca\/infancia\/"]}]},{"@type":"BreadcrumbList","@id":"https:\/\/chantalblanco.cat\/ca\/infancia\/#breadcrumb","itemListElement":[{"@type":"ListItem","position":1,"name":"Portada","item":"https:\/\/chantalblanco.cat\/ca\/"},{"@type":"ListItem","position":2,"name":"Psic\u00f2loga per a nens a Matar\u00f3"}]},{"@type":"WebSite","@id":"https:\/\/chantalblanco.cat\/ca\/#website","url":"https:\/\/chantalblanco.cat\/ca\/","name":"Chantal Blanco","description":"Terapia Breve Estrat\u00e9gica","potentialAction":[{"@type":"SearchAction","target":{"@type":"EntryPoint","urlTemplate":"https:\/\/chantalblanco.cat\/ca\/?s={search_term_string}"},"query-input":{"@type":"PropertyValueSpecification","valueRequired":true,"valueName":"search_term_string"}}],"inLanguage":"ca"}]}},"_links":{"self":[{"href":"https:\/\/chantalblanco.cat\/ca\/wp-json\/wp\/v2\/pages\/1900","targetHints":{"allow":["GET"]}}],"collection":[{"href":"https:\/\/chantalblanco.cat\/ca\/wp-json\/wp\/v2\/pages"}],"about":[{"href":"https:\/\/chantalblanco.cat\/ca\/wp-json\/wp\/v2\/types\/page"}],"author":[{"embeddable":true,"href":"https:\/\/chantalblanco.cat\/ca\/wp-json\/wp\/v2\/users\/1"}],"replies":[{"embeddable":true,"href":"https:\/\/chantalblanco.cat\/ca\/wp-json\/wp\/v2\/comments?post=1900"}],"version-history":[{"count":7,"href":"https:\/\/chantalblanco.cat\/ca\/wp-json\/wp\/v2\/pages\/1900\/revisions"}],"predecessor-version":[{"id":3690,"href":"https:\/\/chantalblanco.cat\/ca\/wp-json\/wp\/v2\/pages\/1900\/revisions\/3690"}],"wp:attachment":[{"href":"https:\/\/chantalblanco.cat\/ca\/wp-json\/wp\/v2\/media?parent=1900"}],"curies":[{"name":"wp","href":"https:\/\/api.w.org\/{rel}","templated":true}]}}